{"id":2504,"date":"2022-10-10T12:28:36","date_gmt":"2022-10-10T10:28:36","guid":{"rendered":"https:\/\/www.kempstramberk.cz.server.plusdesign.cz\/doswiadczenia\/co-zwiedzic-w-okolicy\/"},"modified":"2023-05-23T13:52:08","modified_gmt":"2023-05-23T11:52:08","slug":"co-zwiedzic-w-okolicy","status":"publish","type":"page","link":"https:\/\/www.kempstramberk.cz\/pl\/doswiadczenia\/co-zwiedzic-w-okolicy\/","title":{"rendered":"Co zwiedzi\u0107 w okolicy"},"content":{"rendered":"\t\t<div data-elementor-type=\"wp-page\" data-elementor-id=\"2504\" class=\"elementor elementor-2504 elementor-906\" data-elementor-post-type=\"page\">\n\t\t\t\t\t\t<section class=\"elementor-section elementor-top-section elementor-element elementor-element-083ff8f elementor-section-boxed elementor-section-height-default elementor-section-height-default\" data-id=\"083ff8f\" data-element_type=\"section\">\n\t\t\t\t\t\t<div class=\"elementor-container elementor-column-gap-default\">\n\t\t\t\t\t<div class=\"elementor-column elementor-col-100 elementor-top-column elementor-element elementor-element-b25c8eb\" data-id=\"b25c8eb\" data-element_type=\"column\" data-settings=\"{&quot;background_background&quot;:&quot;classic&quot;}\">\n\t\t\t<div class=\"elementor-widget-wrap elementor-element-populated\">\n\t\t\t\t\t\t<div class=\"elementor-element elementor-element-e24116b elementor-widget elementor-widget-heading\" data-id=\"e24116b\" data-element_type=\"widget\" data-widget_type=\"heading.default\">\n\t\t\t\t<div class=\"elementor-widget-container\">\n\t\t\t\t\t<h1 class=\"elementor-heading-title elementor-size-default\">Co zwiedzi\u0107 w okolicy<\/h1>\t\t\t\t<\/div>\n\t\t\t\t<\/div>\n\t\t\t\t\t<\/div>\n\t\t<\/div>\n\t\t\t\t\t<\/div>\n\t\t<\/section>\n\t\t\t\t<section class=\"elementor-section elementor-top-section elementor-element elementor-element-dbfc789 elementor-section-boxed elementor-section-height-default elementor-section-height-default\" data-id=\"dbfc789\" data-element_type=\"section\">\n\t\t\t\t\t\t<div class=\"elementor-container elementor-column-gap-default\">\n\t\t\t\t\t<div class=\"elementor-column elementor-col-100 elementor-top-column elementor-element elementor-element-e15a5f7\" data-id=\"e15a5f7\" data-element_type=\"column\" data-settings=\"{&quot;background_background&quot;:&quot;classic&quot;}\">\n\t\t\t<div class=\"elementor-widget-wrap elementor-element-populated\">\n\t\t\t\t\t\t<div class=\"elementor-element elementor-element-45ede85 elementor-widget elementor-widget-text-editor\" data-id=\"45ede85\" data-element_type=\"widget\" data-widget_type=\"text-editor.default\">\n\t\t\t\t<div class=\"elementor-widget-container\">\n\t\t\t\t\t\t\t\t\t<p>Zapoznaj si\u0119 z naszymi wskaz\u00f3wkami na wycieczki po kempingu \u0160tramberk i nie przegap najpi\u0119kniejszych i najciekawszych rzeczy, kt\u00f3re ma do zaoferowania region pod Beskidami.<\/p>\n\t\t\t\t\t\t\t\t<\/div>\n\t\t\t\t<\/div>\n\t\t\t\t\t<\/div>\n\t\t<\/div>\n\t\t\t\t\t<\/div>\n\t\t<\/section>\n\t\t\t\t<section class=\"elementor-section elementor-top-section elementor-element elementor-element-b2c8c67 elementor-section-boxed elementor-section-height-default elementor-section-height-default\" data-id=\"b2c8c67\" data-element_type=\"section\">\n\t\t\t\t\t\t<div class=\"elementor-container elementor-column-gap-default\">\n\t\t\t\t\t<div class=\"elementor-column elementor-col-100 elementor-top-column elementor-element elementor-element-ab7b55c\" data-id=\"ab7b55c\" data-element_type=\"column\" data-settings=\"{&quot;background_background&quot;:&quot;classic&quot;}\">\n\t\t\t<div class=\"elementor-widget-wrap elementor-element-populated\">\n\t\t\t\t\t\t<div class=\"elementor-element elementor-element-244a4d0 elementor-widget elementor-widget-heading\" data-id=\"244a4d0\" data-element_type=\"widget\" id=\"stramberk\" data-widget_type=\"heading.default\">\n\t\t\t\t<div class=\"elementor-widget-container\">\n\t\t\t\t\t<h2 class=\"elementor-heading-title elementor-size-default\">Strawberk<\/h2>\t\t\t\t<\/div>\n\t\t\t\t<\/div>\n\t\t\t\t\t<\/div>\n\t\t<\/div>\n\t\t\t\t\t<\/div>\n\t\t<\/section>\n\t\t\t\t<section class=\"elementor-section elementor-top-section elementor-element elementor-element-54fcbd1 elementor-section-boxed elementor-section-height-default elementor-section-height-default\" data-id=\"54fcbd1\" data-element_type=\"section\">\n\t\t\t\t\t\t<div class=\"elementor-container elementor-column-gap-default\">\n\t\t\t\t\t<div class=\"elementor-column elementor-col-33 elementor-top-column elementor-element elementor-element-0d359b5\" data-id=\"0d359b5\" data-element_type=\"column\" data-settings=\"{&quot;background_background&quot;:&quot;classic&quot;}\">\n\t\t\t<div class=\"elementor-widget-wrap elementor-element-populated\">\n\t\t\t\t\t\t<div class=\"elementor-element elementor-element-f80b254 elementor-widget elementor-widget-heading\" data-id=\"f80b254\" data-element_type=\"widget\" id=\"truba\" data-widget_type=\"heading.default\">\n\t\t\t\t<div class=\"elementor-widget-container\">\n\t\t\t\t\t<h3 class=\"elementor-heading-title elementor-size-default\">Zamek \u0160tramberk i wie\u017ca Tr\u00faba<\/h3>\t\t\t\t<\/div>\n\t\t\t\t<\/div>\n\t\t\t\t<div class=\"elementor-element elementor-element-d3481c4 elementor-widget elementor-widget-text-editor\" data-id=\"d3481c4\" data-element_type=\"widget\" data-widget_type=\"text-editor.default\">\n\t\t\t\t<div class=\"elementor-widget-container\">\n\t\t\t\t\t\t\t\t\t<p>Nad rynkiem w \u0160tramberku, na Wzg\u00f3rzu Zamkowym, znajduje si\u0119 nie do pomini\u0119cia zabytek &#8211; kamienna wie\u017ca zwana Tr\u00faba, kt\u00f3ra jest pozosta\u0142o\u015bci\u0105 pierwotnego zamku \u0160tramberk z XIII wieku. Dzi\u015b wie\u017ca s\u0142u\u017cy jako wie\u017ca widokowa i oferuje niesamowite widoki na krajobraz Podbeskyd\u00ed. <\/p>\n\t\t\t\t\t\t\t\t<\/div>\n\t\t\t\t<\/div>\n\t\t\t\t<div class=\"elementor-element elementor-element-f8ce8d3 elementor-widget elementor-widget-image\" data-id=\"f8ce8d3\" data-element_type=\"widget\" data-widget_type=\"image.default\">\n\t\t\t\t<div class=\"elementor-widget-container\">\n\t\t\t\t\t\t\t\t\t\t\t\t\t\t\t<img fetchpriority=\"high\" decoding=\"async\" width=\"1500\" height=\"1200\" src=\"https:\/\/www.kempstramberk.cz\/wp-content\/uploads\/2023\/04\/petrcanik-stramberk.jpg\" class=\"attachment-large size-large wp-image-6856\" alt=\"\" srcset=\"https:\/\/www.kempstramberk.cz\/wp-content\/uploads\/2023\/04\/petrcanik-stramberk.jpg 1500w, https:\/\/www.kempstramberk.cz\/wp-content\/uploads\/2023\/04\/petrcanik-stramberk-768x614.jpg 768w\" sizes=\"(max-width: 1500px) 100vw, 1500px\" \/>\t\t\t\t\t\t\t\t\t\t\t\t\t\t\t<\/div>\n\t\t\t\t<\/div>\n\t\t\t\t\t<\/div>\n\t\t<\/div>\n\t\t\t\t<div class=\"elementor-column elementor-col-33 elementor-top-column elementor-element elementor-element-adaf9e6\" data-id=\"adaf9e6\" data-element_type=\"column\" data-settings=\"{&quot;background_background&quot;:&quot;classic&quot;}\">\n\t\t\t<div class=\"elementor-widget-wrap elementor-element-populated\">\n\t\t\t\t\t\t<div class=\"elementor-element elementor-element-458fac8 elementor-widget elementor-widget-heading\" data-id=\"458fac8\" data-element_type=\"widget\" data-widget_type=\"heading.default\">\n\t\t\t\t<div class=\"elementor-widget-container\">\n\t\t\t\t\t<h3 class=\"elementor-heading-title elementor-size-default\">Jaskinia Shipka<\/h3>\t\t\t\t<\/div>\n\t\t\t\t<\/div>\n\t\t\t\t<div class=\"elementor-element elementor-element-095bbbc elementor-widget elementor-widget-text-editor\" data-id=\"095bbbc\" data-element_type=\"widget\" data-widget_type=\"text-editor.default\">\n\t\t\t\t<div class=\"elementor-widget-container\">\n\t\t\t\t\t\t\t\t\t<p>Wolno dost\u0119pny zabytek przyrody Jaskinia \u0160ipka jest formacj\u0105 krasow\u0105 o znaczeniu \u015bwiatowym. W 1880 roku w jaskiniach znaleziono doln\u0105 szcz\u0119k\u0119 dziecka neandertalskiego i przedmioty z epoki br\u0105zu, z kt\u00f3rych wiele mo\u017cna podziwia\u0107 w miejscowym muzeum \u0160ipka w \u0160tramberku.<\/p>\n\t\t\t\t\t\t\t\t<\/div>\n\t\t\t\t<\/div>\n\t\t\t\t<div class=\"elementor-element elementor-element-79b43a6 elementor-widget elementor-widget-image\" data-id=\"79b43a6\" data-element_type=\"widget\" data-widget_type=\"image.default\">\n\t\t\t\t<div class=\"elementor-widget-container\">\n\t\t\t\t\t\t\t\t\t\t\t\t\t\t\t<img decoding=\"async\" width=\"955\" height=\"637\" src=\"https:\/\/www.kempstramberk.cz\/wp-content\/uploads\/2023\/04\/jeskyne-sipka-noc.jpg\" class=\"attachment-large size-large wp-image-6809\" alt=\"\" srcset=\"https:\/\/www.kempstramberk.cz\/wp-content\/uploads\/2023\/04\/jeskyne-sipka-noc.jpg 955w, https:\/\/www.kempstramberk.cz\/wp-content\/uploads\/2023\/04\/jeskyne-sipka-noc-768x512.jpg 768w\" sizes=\"(max-width: 955px) 100vw, 955px\" \/>\t\t\t\t\t\t\t\t\t\t\t\t\t\t\t<\/div>\n\t\t\t\t<\/div>\n\t\t\t\t\t<\/div>\n\t\t<\/div>\n\t\t\t\t<div class=\"elementor-column elementor-col-33 elementor-top-column elementor-element elementor-element-7d34390\" data-id=\"7d34390\" data-element_type=\"column\" data-settings=\"{&quot;background_background&quot;:&quot;classic&quot;}\">\n\t\t\t<div class=\"elementor-widget-wrap elementor-element-populated\">\n\t\t\t\t\t\t<div class=\"elementor-element elementor-element-fc46f98 elementor-widget elementor-widget-heading\" data-id=\"fc46f98\" data-element_type=\"widget\" data-widget_type=\"heading.default\">\n\t\t\t\t<div class=\"elementor-widget-container\">\n\t\t\t\t\t<h3 class=\"elementor-heading-title elementor-size-default\">Ogr\u00f3d botaniczny i arboretum<\/h3>\t\t\t\t<\/div>\n\t\t\t\t<\/div>\n\t\t\t\t<div class=\"elementor-element elementor-element-9b81d12 elementor-widget elementor-widget-text-editor\" data-id=\"9b81d12\" data-element_type=\"widget\" data-widget_type=\"text-editor.default\">\n\t\t\t\t<div class=\"elementor-widget-container\">\n\t\t\t\t\t\t\t\t\t<p>By\u0142y kamienio\u0142om wapienia w \u0160tramberku stopniowo przekszta\u0142ca si\u0119 w ogr\u00f3d botaniczny i arboretum. Mo\u017cna tu podziwia\u0107 rzadkie ro\u015bliny i drobn\u0105 faun\u0119 wok\u00f3\u0142 staro\u017cytnego labiryntu, staw\u00f3w i wej\u015bcia do niedawno odkrytej jaskini Poutova.<\/p>\n\t\t\t\t\t\t\t\t<\/div>\n\t\t\t\t<\/div>\n\t\t\t\t<div class=\"elementor-element elementor-element-ea9f900 elementor-widget elementor-widget-image\" data-id=\"ea9f900\" data-element_type=\"widget\" data-widget_type=\"image.default\">\n\t\t\t\t<div class=\"elementor-widget-container\">\n\t\t\t\t\t\t\t\t\t\t\t\t\t\t\t<img decoding=\"async\" width=\"1024\" height=\"768\" src=\"https:\/\/www.kempstramberk.cz\/wp-content\/uploads\/2022\/10\/RS_kamena\u0301rka-arboretum-1-1024x768.jpeg\" class=\"attachment-large size-large wp-image-2254\" alt=\"\" srcset=\"https:\/\/www.kempstramberk.cz\/wp-content\/uploads\/2022\/10\/RS_kamena\u0301rka-arboretum-1-1024x768.jpeg 1024w, https:\/\/www.kempstramberk.cz\/wp-content\/uploads\/2022\/10\/RS_kamena\u0301rka-arboretum-1-300x225.jpeg 300w, https:\/\/www.kempstramberk.cz\/wp-content\/uploads\/2022\/10\/RS_kamena\u0301rka-arboretum-1-768x576.jpeg 768w, https:\/\/www.kempstramberk.cz\/wp-content\/uploads\/2022\/10\/RS_kamena\u0301rka-arboretum-1.jpeg 1200w\" sizes=\"(max-width: 1024px) 100vw, 1024px\" \/>\t\t\t\t\t\t\t\t\t\t\t\t\t\t\t<\/div>\n\t\t\t\t<\/div>\n\t\t\t\t\t<\/div>\n\t\t<\/div>\n\t\t\t\t\t<\/div>\n\t\t<\/section>\n\t\t\t\t<section class=\"elementor-section elementor-top-section elementor-element elementor-element-e2f4c50 elementor-section-boxed elementor-section-height-default elementor-section-height-default\" data-id=\"e2f4c50\" data-element_type=\"section\">\n\t\t\t\t\t\t<div class=\"elementor-container elementor-column-gap-default\">\n\t\t\t\t\t<div class=\"elementor-column elementor-col-33 elementor-top-column elementor-element elementor-element-8913aca\" data-id=\"8913aca\" data-element_type=\"column\" data-settings=\"{&quot;background_background&quot;:&quot;classic&quot;}\">\n\t\t\t<div class=\"elementor-widget-wrap elementor-element-populated\">\n\t\t\t\t\t\t<div class=\"elementor-element elementor-element-a86b498 elementor-widget elementor-widget-heading\" data-id=\"a86b498\" data-element_type=\"widget\" data-widget_type=\"heading.default\">\n\t\t\t\t<div class=\"elementor-widget-container\">\n\t\t\t\t\t<h3 class=\"elementor-heading-title elementor-size-default\">Stara Wie\u017ca - dzwonnica ko\u015bcio\u0142a \u015bw. Bart\u0142omieja<\/h3>\t\t\t\t<\/div>\n\t\t\t\t<\/div>\n\t\t\t\t<div class=\"elementor-element elementor-element-b588572 elementor-widget elementor-widget-text-editor\" data-id=\"b588572\" data-element_type=\"widget\" data-widget_type=\"text-editor.default\">\n\t\t\t\t<div class=\"elementor-widget-container\">\n\t\t\t\t\t\t\t\t\t<p>Na zboczu G\u00f3ry Zamkowej w \u0160tramberku stoi murowana wie\u017ca z drewnian\u0105 galeri\u0105, pozosta\u0142o\u015b\u0107 po gotyckim ko\u015bciele parafialnym z po\u0142owy XIV wieku. Budynek wraz z przyleg\u0142ym terenem wykorzystywany jest do organizacji imprez kulturalnych i przedstawie\u0144 teatralnych i znany jest jako Amfiteatr pod Star\u0105 Wie\u017c\u0105. <\/p>\n\t\t\t\t\t\t\t\t<\/div>\n\t\t\t\t<\/div>\n\t\t\t\t<div class=\"elementor-element elementor-element-a3b9317 elementor-widget elementor-widget-image\" data-id=\"a3b9317\" data-element_type=\"widget\" data-widget_type=\"image.default\">\n\t\t\t\t<div class=\"elementor-widget-container\">\n\t\t\t\t\t\t\t\t\t\t\t\t\t\t\t<img loading=\"lazy\" decoding=\"async\" width=\"1000\" height=\"666\" src=\"https:\/\/www.kempstramberk.cz\/wp-content\/uploads\/2023\/04\/kemp-stramberk-prohlidky-20.jpg\" class=\"attachment-large size-large wp-image-6313\" alt=\"\" srcset=\"https:\/\/www.kempstramberk.cz\/wp-content\/uploads\/2023\/04\/kemp-stramberk-prohlidky-20.jpg 1000w, https:\/\/www.kempstramberk.cz\/wp-content\/uploads\/2023\/04\/kemp-stramberk-prohlidky-20-768x511.jpg 768w\" sizes=\"(max-width: 1000px) 100vw, 1000px\" \/>\t\t\t\t\t\t\t\t\t\t\t\t\t\t\t<\/div>\n\t\t\t\t<\/div>\n\t\t\t\t\t<\/div>\n\t\t<\/div>\n\t\t\t\t<div class=\"elementor-column elementor-col-33 elementor-top-column elementor-element elementor-element-1ea38aa\" data-id=\"1ea38aa\" data-element_type=\"column\" data-settings=\"{&quot;background_background&quot;:&quot;classic&quot;}\">\n\t\t\t<div class=\"elementor-widget-wrap elementor-element-populated\">\n\t\t\t\t\t\t<div class=\"elementor-element elementor-element-a856d90 elementor-widget elementor-widget-heading\" data-id=\"a856d90\" data-element_type=\"widget\" data-widget_type=\"heading.default\">\n\t\t\t\t<div class=\"elementor-widget-container\">\n\t\t\t\t\t<h3 class=\"elementor-heading-title elementor-size-default\">Fortyfikacje miejskie<\/h3>\t\t\t\t<\/div>\n\t\t\t\t<\/div>\n\t\t\t\t<div class=\"elementor-element elementor-element-43593fe elementor-widget elementor-widget-text-editor\" data-id=\"43593fe\" data-element_type=\"widget\" data-widget_type=\"text-editor.default\">\n\t\t\t\t<div class=\"elementor-widget-container\">\n\t\t\t\t\t\t\t\t\t<p>W mie\u015bcie \u0160tramberk mo\u017cna odkry\u0107 i podziwia\u0107 wi\u0119ksze i mniejsze cz\u0119\u015bci pierwotnych mur\u00f3w miejskich, kt\u00f3re mimo nier\u00f3wnego terenu zamykaj\u0105 teren w nieregularny pi\u0119ciok\u0105t. Zamek i miasto za\u0142o\u017cy\u0142 w XIV wieku syn kr\u00f3la czeskiego Jana Luksemburskiego, Jan Jind\u0159ich Lucemburski, margrabia morawski. Od samego pocz\u0105tku \u0160tramberk by\u0142 budowany jako miasto warowne z ochronnym murem kamiennym.<\/p>\n\t\t\t\t\t\t\t\t<\/div>\n\t\t\t\t<\/div>\n\t\t\t\t<div class=\"elementor-element elementor-element-2ef6638 elementor-widget elementor-widget-image\" data-id=\"2ef6638\" data-element_type=\"widget\" data-widget_type=\"image.default\">\n\t\t\t\t<div class=\"elementor-widget-container\">\n\t\t\t\t\t\t\t\t\t\t\t\t\t\t\t<img loading=\"lazy\" decoding=\"async\" width=\"900\" height=\"604\" src=\"https:\/\/www.kempstramberk.cz\/wp-content\/uploads\/2023\/04\/brana.jpg\" class=\"attachment-large size-large wp-image-6812\" alt=\"\" srcset=\"https:\/\/www.kempstramberk.cz\/wp-content\/uploads\/2023\/04\/brana.jpg 900w, https:\/\/www.kempstramberk.cz\/wp-content\/uploads\/2023\/04\/brana-768x515.jpg 768w\" sizes=\"(max-width: 900px) 100vw, 900px\" \/>\t\t\t\t\t\t\t\t\t\t\t\t\t\t\t<\/div>\n\t\t\t\t<\/div>\n\t\t\t\t\t<\/div>\n\t\t<\/div>\n\t\t\t\t<div class=\"elementor-column elementor-col-33 elementor-top-column elementor-element elementor-element-a290f50\" data-id=\"a290f50\" data-element_type=\"column\" data-settings=\"{&quot;background_background&quot;:&quot;classic&quot;}\">\n\t\t\t<div class=\"elementor-widget-wrap elementor-element-populated\">\n\t\t\t\t\t\t<div class=\"elementor-element elementor-element-8de4ab6 elementor-widget elementor-widget-heading\" data-id=\"8de4ab6\" data-element_type=\"widget\" data-widget_type=\"heading.default\">\n\t\t\t\t<div class=\"elementor-widget-container\">\n\t\t\t\t\t<h3 class=\"elementor-heading-title elementor-size-default\">Krajowy Sad<\/h3>\t\t\t\t<\/div>\n\t\t\t\t<\/div>\n\t\t\t\t<div class=\"elementor-element elementor-element-89a5594 elementor-widget elementor-widget-text-editor\" data-id=\"89a5594\" data-element_type=\"widget\" data-widget_type=\"text-editor.default\">\n\t\t\t\t<div class=\"elementor-widget-container\">\n\t\t\t\t\t\t\t\t\t<p>Park Narodowy w \u0160tramberku jest mo\u017ce mniej znany turystom, ale jest bardziej interesuj\u0105cym \u015brodowiskiem i celem spacer\u00f3w. Na g\u00f3r\u0119 Kotou\u010d prowadzi wiele \u015bcie\u017cek, na kt\u00f3rych mo\u017cna zobaczy\u0107 liczne popiersia, tablice pami\u0105tkowe i pos\u0105gi upami\u0119tniaj\u0105ce wa\u017cne postaci czeskiej historii. <\/p>\n\t\t\t\t\t\t\t\t<\/div>\n\t\t\t\t<\/div>\n\t\t\t\t<div class=\"elementor-element elementor-element-2a06485 elementor-widget elementor-widget-image\" data-id=\"2a06485\" data-element_type=\"widget\" data-widget_type=\"image.default\">\n\t\t\t\t<div class=\"elementor-widget-container\">\n\t\t\t\t\t\t\t\t\t\t\t\t\t\t\t<img loading=\"lazy\" decoding=\"async\" width=\"1127\" height=\"752\" src=\"https:\/\/www.kempstramberk.cz\/wp-content\/uploads\/2023\/04\/jeskyne-sipka.jpg\" class=\"attachment-large size-large wp-image-6806\" alt=\"\" srcset=\"https:\/\/www.kempstramberk.cz\/wp-content\/uploads\/2023\/04\/jeskyne-sipka.jpg 1127w, https:\/\/www.kempstramberk.cz\/wp-content\/uploads\/2023\/04\/jeskyne-sipka-768x512.jpg 768w\" sizes=\"(max-width: 1127px) 100vw, 1127px\" \/>\t\t\t\t\t\t\t\t\t\t\t\t\t\t\t<\/div>\n\t\t\t\t<\/div>\n\t\t\t\t\t<\/div>\n\t\t<\/div>\n\t\t\t\t\t<\/div>\n\t\t<\/section>\n\t\t\t\t<section class=\"elementor-section elementor-top-section elementor-element elementor-element-66aae51 elementor-section-boxed elementor-section-height-default elementor-section-height-default\" data-id=\"66aae51\" data-element_type=\"section\">\n\t\t\t\t\t\t<div class=\"elementor-container elementor-column-gap-default\">\n\t\t\t\t\t<div class=\"elementor-column elementor-col-50 elementor-top-column elementor-element elementor-element-5e8b757\" data-id=\"5e8b757\" data-element_type=\"column\" data-settings=\"{&quot;background_background&quot;:&quot;classic&quot;}\">\n\t\t\t<div class=\"elementor-widget-wrap elementor-element-populated\">\n\t\t\t\t\t\t<div class=\"elementor-element elementor-element-5cabe0c elementor-widget elementor-widget-heading\" data-id=\"5cabe0c\" data-element_type=\"widget\" id=\"burian\" data-widget_type=\"heading.default\">\n\t\t\t\t<div class=\"elementor-widget-container\">\n\t\t\t\t\t<h3 class=\"elementor-heading-title elementor-size-default\">Muzeum Zden\u011bka Buriana <\/h3>\t\t\t\t<\/div>\n\t\t\t\t<\/div>\n\t\t\t\t<div class=\"elementor-element elementor-element-46c4008 elementor-widget elementor-widget-text-editor\" data-id=\"46c4008\" data-element_type=\"widget\" data-widget_type=\"text-editor.default\">\n\t\t\t\t<div class=\"elementor-widget-container\">\n\t\t\t\t\t\t\t\t\t<p>Muzeum Zden\u011bka Buriana na rynku w \u0160tramberku prezentuje \u017cycie i tw\u00f3rczo\u015b\u0107 s\u0142ynnego malarza i ilustratora, pochodz\u0105cego z pobliskich Kop\u0159ivnic, kt\u00f3ry w dzieci\u0144stwie mieszka\u0142 w \u0160tramberku. Znany jest ze znanych na ca\u0142ym \u015bwiecie obraz\u00f3w i ilustracji ksi\u0105\u017cek przygodowych, obraz\u00f3w ze scenami z czas\u00f3w prehistorycznych. Do jego najbardziej znanych prac nale\u017c\u0105 ilustracje do ksi\u0105\u017cek takich jak The Mammoth Hunters oraz ksi\u0105\u017cek Karla Maya.<\/p>\n\t\t\t\t\t\t\t\t<\/div>\n\t\t\t\t<\/div>\n\t\t\t\t<div class=\"elementor-element elementor-element-38768c4 elementor-widget elementor-widget-image\" data-id=\"38768c4\" data-element_type=\"widget\" data-widget_type=\"image.default\">\n\t\t\t\t<div class=\"elementor-widget-container\">\n\t\t\t\t\t\t\t\t\t\t\t\t\t\t\t<img decoding=\"async\" src=\"https:\/\/www.kempstramberk.cz\/wp-content\/uploads\/2023\/01\/mzb-e1674030692145.jpg\" title=\"\" alt=\"\" loading=\"lazy\" \/>\t\t\t\t\t\t\t\t\t\t\t\t\t\t\t<\/div>\n\t\t\t\t<\/div>\n\t\t\t\t\t<\/div>\n\t\t<\/div>\n\t\t\t\t<div class=\"elementor-column elementor-col-50 elementor-top-column elementor-element elementor-element-dd23519\" data-id=\"dd23519\" data-element_type=\"column\" data-settings=\"{&quot;background_background&quot;:&quot;classic&quot;}\">\n\t\t\t<div class=\"elementor-widget-wrap elementor-element-populated\">\n\t\t\t\t\t\t<div class=\"elementor-element elementor-element-4fa00c6 elementor-widget elementor-widget-heading\" data-id=\"4fa00c6\" data-element_type=\"widget\" data-widget_type=\"heading.default\">\n\t\t\t\t<div class=\"elementor-widget-container\">\n\t\t\t\t\t<h3 class=\"elementor-heading-title elementor-size-default\">Ko\u015bci\u00f3\u0142 \u015bw. Jana Nepomucena<\/h3>\t\t\t\t<\/div>\n\t\t\t\t<\/div>\n\t\t\t\t<div class=\"elementor-element elementor-element-4139d3a elementor-widget elementor-widget-text-editor\" data-id=\"4139d3a\" data-element_type=\"widget\" data-widget_type=\"text-editor.default\">\n\t\t\t\t<div class=\"elementor-widget-container\">\n\t\t\t\t\t\t\t\t\t<p>Barokowy ko\u015bci\u00f3\u0142 \u015bw. Jana Nepomucena, narodowy zabytek kultury, pochodzi z XVIII wieku. Mo\u017cna go podziwia\u0107 bezpo\u015brednio z rynku w \u0160tramberku, kt\u00f3rego jest g\u0142\u00f3wnym punktem orientacyjnym. Stoj\u0105cy na pochy\u0142ym terenie ko\u015bci\u00f3\u0142 by\u0142 pierwotnie jednonawow\u0105, smuk\u0142\u0105 budowl\u0105 (zbudowan\u0105 w 1721 r.), do kt\u00f3rej p\u00f3\u017aniej dobudowano wie\u017c\u0119 (1907-1908). We wn\u0119trzu mo\u017cna podziwia\u0107 rzadk\u0105 rze\u017ab\u0119 zwan\u0105 Kalwari\u0105 lub dekoracj\u0119 malarza Jana K\u00f6hlera.<\/p>\n\t\t\t\t\t\t\t\t<\/div>\n\t\t\t\t<\/div>\n\t\t\t\t<div class=\"elementor-element elementor-element-35bf507 elementor-widget elementor-widget-image\" data-id=\"35bf507\" data-element_type=\"widget\" data-widget_type=\"image.default\">\n\t\t\t\t<div class=\"elementor-widget-container\">\n\t\t\t\t\t\t\t\t\t\t\t\t\t\t\t<img loading=\"lazy\" decoding=\"async\" width=\"680\" height=\"453\" src=\"https:\/\/www.kempstramberk.cz\/wp-content\/uploads\/2022\/10\/2204094.jpeg\" class=\"attachment-large size-large wp-image-2252\" alt=\"x\" srcset=\"https:\/\/www.kempstramberk.cz\/wp-content\/uploads\/2022\/10\/2204094.jpeg 680w, https:\/\/www.kempstramberk.cz\/wp-content\/uploads\/2022\/10\/2204094-300x200.jpeg 300w\" sizes=\"(max-width: 680px) 100vw, 680px\" \/>\t\t\t\t\t\t\t\t\t\t\t\t\t\t\t<\/div>\n\t\t\t\t<\/div>\n\t\t\t\t\t<\/div>\n\t\t<\/div>\n\t\t\t\t\t<\/div>\n\t\t<\/section>\n\t\t\t\t<section class=\"elementor-section elementor-top-section elementor-element elementor-element-f80736e elementor-section-boxed elementor-section-height-default elementor-section-height-default\" data-id=\"f80736e\" data-element_type=\"section\">\n\t\t\t\t\t\t<div class=\"elementor-container elementor-column-gap-default\">\n\t\t\t\t\t<div class=\"elementor-column elementor-col-50 elementor-top-column elementor-element elementor-element-65f8138\" data-id=\"65f8138\" data-element_type=\"column\" data-settings=\"{&quot;background_background&quot;:&quot;classic&quot;}\">\n\t\t\t<div class=\"elementor-widget-wrap elementor-element-populated\">\n\t\t\t\t\t\t<div class=\"elementor-element elementor-element-568998b elementor-widget elementor-widget-heading\" data-id=\"568998b\" data-element_type=\"widget\" data-widget_type=\"heading.default\">\n\t\t\t\t<div class=\"elementor-widget-container\">\n\t\t\t\t\t<h3 class=\"elementor-heading-title elementor-size-default\">Basen w Libot\u00edn<\/h3>\t\t\t\t<\/div>\n\t\t\t\t<\/div>\n\t\t\t\t<div class=\"elementor-element elementor-element-de23790 elementor-widget elementor-widget-text-editor\" data-id=\"de23790\" data-element_type=\"widget\" data-widget_type=\"text-editor.default\">\n\t\t\t\t<div class=\"elementor-widget-container\">\n\t\t\t\t\t\t\t\t\t<p>Nowo zrekonstruowane letnie k\u0105pielisko znajduje si\u0119 na obrze\u017cach miasta \u0160tramberk, w spokojnym otoczeniu w\u015br\u00f3d las\u00f3w Libot\u00ednsk\u00e9ho Pasky, kt\u00f3re podkre\u015blaj\u0105 naturalny charakter tego miejsca. Na terenie obiektu znajduj\u0105 si\u0119 punkty gastronomiczne, plac zabaw dla dzieci oraz boisko do siatk\u00f3wki pla\u017cowej.<\/p>\n\t\t\t\t\t\t\t\t<\/div>\n\t\t\t\t<\/div>\n\t\t\t\t<div class=\"elementor-element elementor-element-fb90b23 elementor-widget elementor-widget-image\" data-id=\"fb90b23\" data-element_type=\"widget\" data-widget_type=\"image.default\">\n\t\t\t\t<div class=\"elementor-widget-container\">\n\t\t\t\t\t\t\t\t\t\t\t\t\t\t\t<img loading=\"lazy\" decoding=\"async\" width=\"1004\" height=\"752\" src=\"https:\/\/www.kempstramberk.cz\/wp-content\/uploads\/2022\/10\/03072008291.jpeg\" class=\"attachment-large size-large wp-image-2250\" alt=\"\" srcset=\"https:\/\/www.kempstramberk.cz\/wp-content\/uploads\/2022\/10\/03072008291.jpeg 1004w, https:\/\/www.kempstramberk.cz\/wp-content\/uploads\/2022\/10\/03072008291-300x225.jpeg 300w, https:\/\/www.kempstramberk.cz\/wp-content\/uploads\/2022\/10\/03072008291-768x575.jpeg 768w\" sizes=\"(max-width: 1004px) 100vw, 1004px\" \/>\t\t\t\t\t\t\t\t\t\t\t\t\t\t\t<\/div>\n\t\t\t\t<\/div>\n\t\t\t\t\t<\/div>\n\t\t<\/div>\n\t\t\t\t<div class=\"elementor-column elementor-col-50 elementor-top-column elementor-element elementor-element-a50f050\" data-id=\"a50f050\" data-element_type=\"column\" data-settings=\"{&quot;background_background&quot;:&quot;classic&quot;}\">\n\t\t\t<div class=\"elementor-widget-wrap elementor-element-populated\">\n\t\t\t\t\t\t<div class=\"elementor-element elementor-element-a524d3f elementor-widget elementor-widget-heading\" data-id=\"a524d3f\" data-element_type=\"widget\" data-widget_type=\"heading.default\">\n\t\t\t\t<div class=\"elementor-widget-container\">\n\t\t\t\t\t<h3 class=\"elementor-heading-title elementor-size-default\">Wie\u017ca widokowa Bia\u0142a G\u00f3ra<\/h3>\t\t\t\t<\/div>\n\t\t\t\t<\/div>\n\t\t\t\t<div class=\"elementor-element elementor-element-b326296 elementor-widget elementor-widget-text-editor\" data-id=\"b326296\" data-element_type=\"widget\" data-widget_type=\"text-editor.default\">\n\t\t\t\t<div class=\"elementor-widget-container\">\n\t\t\t\t\t\t\t\t\t<p>Na Bia\u0142ej G\u00f3rze, kt\u00f3ra g\u00f3ruje nad miastami \u0160tramberk i Kop\u0159ivnice, mo\u017cna wspi\u0105\u0107 si\u0119 na wie\u017c\u0119 widokow\u0105 przypominaj\u0105c\u0105 spiral\u0119 DNA z widokiem na przepi\u0119kny krajobraz Beskid\u00f3w i ich podn\u00f3\u017ca. <\/p>\n\t\t\t\t\t\t\t\t<\/div>\n\t\t\t\t<\/div>\n\t\t\t\t<div class=\"elementor-element elementor-element-c2022fa elementor-widget elementor-widget-image\" data-id=\"c2022fa\" data-element_type=\"widget\" data-widget_type=\"image.default\">\n\t\t\t\t<div class=\"elementor-widget-container\">\n\t\t\t\t\t\t\t\t\t\t\t\t\t\t\t<img loading=\"lazy\" decoding=\"async\" width=\"1500\" height=\"1125\" src=\"https:\/\/www.kempstramberk.cz\/wp-content\/uploads\/2023\/04\/rozhledna-bila-hora-kemp-stramberk-2.jpg\" class=\"attachment-large size-large wp-image-6788\" alt=\"\" srcset=\"https:\/\/www.kempstramberk.cz\/wp-content\/uploads\/2023\/04\/rozhledna-bila-hora-kemp-stramberk-2.jpg 1500w, https:\/\/www.kempstramberk.cz\/wp-content\/uploads\/2023\/04\/rozhledna-bila-hora-kemp-stramberk-2-768x576.jpg 768w\" sizes=\"(max-width: 1500px) 100vw, 1500px\" \/>\t\t\t\t\t\t\t\t\t\t\t\t\t\t\t<\/div>\n\t\t\t\t<\/div>\n\t\t\t\t\t<\/div>\n\t\t<\/div>\n\t\t\t\t\t<\/div>\n\t\t<\/section>\n\t\t\t\t<section class=\"elementor-section elementor-top-section elementor-element elementor-element-438c448 elementor-section-boxed elementor-section-height-default elementor-section-height-default\" data-id=\"438c448\" data-element_type=\"section\">\n\t\t\t\t\t\t<div class=\"elementor-container elementor-column-gap-default\">\n\t\t\t\t\t<div class=\"elementor-column elementor-col-100 elementor-top-column elementor-element elementor-element-d6b7e96\" data-id=\"d6b7e96\" data-element_type=\"column\" data-settings=\"{&quot;background_background&quot;:&quot;classic&quot;}\">\n\t\t\t<div class=\"elementor-widget-wrap elementor-element-populated\">\n\t\t\t\t\t\t<div class=\"elementor-element elementor-element-dacc5e9 elementor-widget elementor-widget-heading\" data-id=\"dacc5e9\" data-element_type=\"widget\" id=\"koprivnice\" data-widget_type=\"heading.default\">\n\t\t\t\t<div class=\"elementor-widget-container\">\n\t\t\t\t\t<h2 class=\"elementor-heading-title elementor-size-default\">Kop\u0159ivnice<\/h2>\t\t\t\t<\/div>\n\t\t\t\t<\/div>\n\t\t\t\t\t<\/div>\n\t\t<\/div>\n\t\t\t\t\t<\/div>\n\t\t<\/section>\n\t\t\t\t<section class=\"elementor-section elementor-top-section elementor-element elementor-element-7791d29 elementor-section-boxed elementor-section-height-default elementor-section-height-default\" data-id=\"7791d29\" data-element_type=\"section\">\n\t\t\t\t\t\t<div class=\"elementor-container elementor-column-gap-default\">\n\t\t\t\t\t<div class=\"elementor-column elementor-col-33 elementor-top-column elementor-element elementor-element-36b4d15\" data-id=\"36b4d15\" data-element_type=\"column\" data-settings=\"{&quot;background_background&quot;:&quot;classic&quot;}\">\n\t\t\t<div class=\"elementor-widget-wrap elementor-element-populated\">\n\t\t\t\t\t\t<div class=\"elementor-element elementor-element-3d1b00f elementor-widget elementor-widget-heading\" data-id=\"3d1b00f\" data-element_type=\"widget\" id=\"muzeumtatra\" data-widget_type=\"heading.default\">\n\t\t\t\t<div class=\"elementor-widget-container\">\n\t\t\t\t\t<h3 class=\"elementor-heading-title elementor-size-default\">Muzeum ci\u0119\u017car\u00f3wek tatrza\u0144skich Kop\u0159ivnice<\/h3>\t\t\t\t<\/div>\n\t\t\t\t<\/div>\n\t\t\t\t<div class=\"elementor-element elementor-element-a824c34 elementor-widget elementor-widget-text-editor\" data-id=\"a824c34\" data-element_type=\"widget\" data-widget_type=\"text-editor.default\">\n\t\t\t\t<div class=\"elementor-widget-container\">\n\t\t\t\t\t\t\t\t\t<p>Nowo otwarte muzeum prezentuje unikaln\u0105 kolekcj\u0119 ci\u0119\u017car\u00f3wek Tatra w pi\u0119knie odnowionej cz\u0119\u015bci technicznej fabryki.<\/p>\n\t\t\t\t\t\t\t\t<\/div>\n\t\t\t\t<\/div>\n\t\t\t\t<div class=\"elementor-element elementor-element-3e76675 elementor-widget elementor-widget-image\" data-id=\"3e76675\" data-element_type=\"widget\" data-widget_type=\"image.default\">\n\t\t\t\t<div class=\"elementor-widget-container\">\n\t\t\t\t\t\t\t\t\t\t\t\t\t\t\t<img loading=\"lazy\" decoding=\"async\" width=\"1024\" height=\"768\" src=\"https:\/\/www.kempstramberk.cz\/wp-content\/uploads\/2022\/10\/muzeumkoprivnice-muzeum-tatra-koprivnice-1024x768.jpg\" class=\"attachment-large size-large wp-image-1985\" alt=\"\" srcset=\"https:\/\/www.kempstramberk.cz\/wp-content\/uploads\/2022\/10\/muzeumkoprivnice-muzeum-tatra-koprivnice-1024x768.jpg 1024w, https:\/\/www.kempstramberk.cz\/wp-content\/uploads\/2022\/10\/muzeumkoprivnice-muzeum-tatra-koprivnice-300x225.jpg 300w, https:\/\/www.kempstramberk.cz\/wp-content\/uploads\/2022\/10\/muzeumkoprivnice-muzeum-tatra-koprivnice-768x576.jpg 768w, https:\/\/www.kempstramberk.cz\/wp-content\/uploads\/2022\/10\/muzeumkoprivnice-muzeum-tatra-koprivnice.jpg 1200w\" sizes=\"(max-width: 1024px) 100vw, 1024px\" \/>\t\t\t\t\t\t\t\t\t\t\t\t\t\t\t<\/div>\n\t\t\t\t<\/div>\n\t\t\t\t\t<\/div>\n\t\t<\/div>\n\t\t\t\t<div class=\"elementor-column elementor-col-33 elementor-top-column elementor-element elementor-element-2027976\" data-id=\"2027976\" data-element_type=\"column\" data-settings=\"{&quot;background_background&quot;:&quot;classic&quot;}\">\n\t\t\t<div class=\"elementor-widget-wrap elementor-element-populated\">\n\t\t\t\t\t\t<div class=\"elementor-element elementor-element-b7e8dd5 elementor-widget elementor-widget-heading\" data-id=\"b7e8dd5\" data-element_type=\"widget\" data-widget_type=\"heading.default\">\n\t\t\t\t<div class=\"elementor-widget-container\">\n\t\t\t\t\t<h3 class=\"elementor-heading-title elementor-size-default\">Zamek \u0160ost\u00fdn<\/h3>\t\t\t\t<\/div>\n\t\t\t\t<\/div>\n\t\t\t\t<div class=\"elementor-element elementor-element-0d7a3d3 elementor-widget elementor-widget-text-editor\" data-id=\"0d7a3d3\" data-element_type=\"widget\" data-widget_type=\"text-editor.default\">\n\t\t\t\t<div class=\"elementor-widget-container\">\n\t\t\t\t\t\t\t\t\t<p>W lasach \u010cervenego kamienia, kt\u00f3ry g\u00f3ruje nad miastem Kop\u0159ivnice, znajdziemy pozosta\u0142o\u015bci pierwotnego zamku \u0160ost\u00fdn obok odnowionego stawu. <\/p>\n\t\t\t\t\t\t\t\t<\/div>\n\t\t\t\t<\/div>\n\t\t\t\t<div class=\"elementor-element elementor-element-38762f0 elementor-widget elementor-widget-image\" data-id=\"38762f0\" data-element_type=\"widget\" data-widget_type=\"image.default\">\n\t\t\t\t<div class=\"elementor-widget-container\">\n\t\t\t\t\t\t\t\t\t\t\t\t\t\t\t<img loading=\"lazy\" decoding=\"async\" width=\"1200\" height=\"905\" src=\"https:\/\/www.kempstramberk.cz\/wp-content\/uploads\/2023\/04\/sostyn-foto-petra-3-2.jpg\" class=\"attachment-large size-large wp-image-6785\" alt=\"\" srcset=\"https:\/\/www.kempstramberk.cz\/wp-content\/uploads\/2023\/04\/sostyn-foto-petra-3-2.jpg 1200w, https:\/\/www.kempstramberk.cz\/wp-content\/uploads\/2023\/04\/sostyn-foto-petra-3-2-768x579.jpg 768w\" sizes=\"(max-width: 1200px) 100vw, 1200px\" \/>\t\t\t\t\t\t\t\t\t\t\t\t\t\t\t<\/div>\n\t\t\t\t<\/div>\n\t\t\t\t\t<\/div>\n\t\t<\/div>\n\t\t\t\t<div class=\"elementor-column elementor-col-33 elementor-top-column elementor-element elementor-element-7cc54e9\" data-id=\"7cc54e9\" data-element_type=\"column\" data-settings=\"{&quot;background_background&quot;:&quot;classic&quot;}\">\n\t\t\t<div class=\"elementor-widget-wrap elementor-element-populated\">\n\t\t\t\t\t\t<div class=\"elementor-element elementor-element-2042735 elementor-widget elementor-widget-heading\" data-id=\"2042735\" data-element_type=\"widget\" data-widget_type=\"heading.default\">\n\t\t\t\t<div class=\"elementor-widget-container\">\n\t\t\t\t\t<h3 class=\"elementor-heading-title elementor-size-default\">\u015acie\u017cka przyrodnicza La\u0161ko <\/h3>\t\t\t\t<\/div>\n\t\t\t\t<\/div>\n\t\t\t\t<div class=\"elementor-element elementor-element-940cfd9 elementor-widget elementor-widget-text-editor\" data-id=\"940cfd9\" data-element_type=\"widget\" data-widget_type=\"text-editor.default\">\n\t\t\t\t<div class=\"elementor-widget-container\">\n\t\t\t\t\t\t\t\t\t<p>La\u0161ska \u015bcie\u017cka edukacyjna, kt\u00f3ra prowadzi przez \u0160tramberk i Kop\u0159ivnice, zapozna Pa\u0144stwa z krajobrazem La\u0161ska i jego kulturowymi i przyrodniczymi urokami. <\/p>\n\t\t\t\t\t\t\t\t<\/div>\n\t\t\t\t<\/div>\n\t\t\t\t<div class=\"elementor-element elementor-element-14d06d4 elementor-widget elementor-widget-image\" data-id=\"14d06d4\" data-element_type=\"widget\" data-widget_type=\"image.default\">\n\t\t\t\t<div class=\"elementor-widget-container\">\n\t\t\t\t\t\t\t\t\t\t\t\t\t\t\t<img loading=\"lazy\" decoding=\"async\" width=\"600\" height=\"800\" src=\"https:\/\/www.kempstramberk.cz\/wp-content\/uploads\/2023\/04\/lasska-naucna-stezka-ruzne-015.jpg\" class=\"attachment-large size-large wp-image-7527\" alt=\"\" \/>\t\t\t\t\t\t\t\t\t\t\t\t\t\t\t<\/div>\n\t\t\t\t<\/div>\n\t\t\t\t\t<\/div>\n\t\t<\/div>\n\t\t\t\t\t<\/div>\n\t\t<\/section>\n\t\t\t\t<section class=\"elementor-section elementor-top-section elementor-element elementor-element-5f8dded elementor-section-boxed elementor-section-height-default elementor-section-height-default\" data-id=\"5f8dded\" data-element_type=\"section\">\n\t\t\t\t\t\t<div class=\"elementor-container elementor-column-gap-default\">\n\t\t\t\t\t<div class=\"elementor-column elementor-col-33 elementor-top-column elementor-element elementor-element-9dd14af\" data-id=\"9dd14af\" data-element_type=\"column\">\n\t\t\t<div class=\"elementor-widget-wrap elementor-element-populated\">\n\t\t\t\t\t\t<div class=\"elementor-element elementor-element-14f2fda elementor-widget elementor-widget-heading\" data-id=\"14f2fda\" data-element_type=\"widget\" data-widget_type=\"heading.default\">\n\t\t\t\t<div class=\"elementor-widget-container\">\n\t\t\t\t\t<h3 class=\"elementor-heading-title elementor-size-default\">Muzeum Foyer <\/h3>\t\t\t\t<\/div>\n\t\t\t\t<\/div>\n\t\t\t\t<div class=\"elementor-element elementor-element-2ab00f4 elementor-widget elementor-widget-text-editor\" data-id=\"2ab00f4\" data-element_type=\"widget\" data-widget_type=\"text-editor.default\">\n\t\t\t\t<div class=\"elementor-widget-container\">\n\t\t\t\t\t\t\t\t\t<p>Muzeum Fojtstv\u00ed zapozna Pa\u0144stwa z kulisami produkcji powoz\u00f3w i luksusowych karet, kt\u00f3re p\u00f3\u017aniej doprowadzi\u0142y do powstania pierwszego automobilu i rozkwitu fabryki samochod\u00f3w Tatra w Kop\u0159ivnicach. Muzeum prezentuje r\u00f3wnie\u017c starsz\u0105 histori\u0119 lokaln\u0105, mo\u017cna tu zobaczy\u0107 np. replik\u0119 tzw. szoste\u0144skiej Wenus, kt\u00f3ra zosta\u0142a odkryta w miejscu ruin szoste\u0144skiego zamku na \u010cervenym Kamieniu.<\/p>\n\t\t\t\t\t\t\t\t<\/div>\n\t\t\t\t<\/div>\n\t\t\t\t<div class=\"elementor-element elementor-element-1ca9e84 elementor-widget elementor-widget-image\" data-id=\"1ca9e84\" data-element_type=\"widget\" data-widget_type=\"image.default\">\n\t\t\t\t<div class=\"elementor-widget-container\">\n\t\t\t\t\t\t\t\t\t\t\t\t\t\t\t<img loading=\"lazy\" decoding=\"async\" width=\"1024\" height=\"700\" src=\"https:\/\/www.kempstramberk.cz\/wp-content\/uploads\/2023\/04\/Muzeum-Fojstvi-Koprivnice-1024x700.jpg\" class=\"attachment-large size-large wp-image-5828\" alt=\"\" srcset=\"https:\/\/www.kempstramberk.cz\/wp-content\/uploads\/2023\/04\/Muzeum-Fojstvi-Koprivnice-1024x700.jpg 1024w, https:\/\/www.kempstramberk.cz\/wp-content\/uploads\/2023\/04\/Muzeum-Fojstvi-Koprivnice-300x205.jpg 300w, https:\/\/www.kempstramberk.cz\/wp-content\/uploads\/2023\/04\/Muzeum-Fojstvi-Koprivnice-768x525.jpg 768w, https:\/\/www.kempstramberk.cz\/wp-content\/uploads\/2023\/04\/Muzeum-Fojstvi-Koprivnice.jpg 1316w\" sizes=\"(max-width: 1024px) 100vw, 1024px\" \/>\t\t\t\t\t\t\t\t\t\t\t\t\t\t\t<\/div>\n\t\t\t\t<\/div>\n\t\t\t\t\t<\/div>\n\t\t<\/div>\n\t\t\t\t<div class=\"elementor-column elementor-col-33 elementor-top-column elementor-element elementor-element-1516fa4\" data-id=\"1516fa4\" data-element_type=\"column\">\n\t\t\t<div class=\"elementor-widget-wrap elementor-element-populated\">\n\t\t\t\t\t\t<div class=\"elementor-element elementor-element-04217c1 elementor-widget elementor-widget-heading\" data-id=\"04217c1\" data-element_type=\"widget\" data-widget_type=\"heading.default\">\n\t\t\t\t<div class=\"elementor-widget-container\">\n\t\t\t\t\t<h3 class=\"elementor-heading-title elementor-size-default\">Ekspozycja Dany i Emila Z\u00e1topk\u00f3w<\/h3>\t\t\t\t<\/div>\n\t\t\t\t<\/div>\n\t\t\t\t<div class=\"elementor-element elementor-element-084efc3 elementor-widget elementor-widget-text-editor\" data-id=\"084efc3\" data-element_type=\"widget\" data-widget_type=\"text-editor.default\">\n\t\t\t\t<div class=\"elementor-widget-container\">\n\t\t\t\t\t\t\t\t\t<p>W sadzie Edvarda Bene\u0161a w centrum Kop\u0159ivnic, zwiedzanie nowo otwartej nowoczesnej ekspozycji Dany i Emila Z\u00e1topk\u00f3w w Muzeum La\u0161ko. Ekspozycja przedstawia pochodz\u0105cego z Kop\u0159ivnic Emila Z\u00e1topka i jego \u017con\u0119 nie tylko jako olimpijczyk\u00f3w i wa\u017cne postaci czeskiej historii sportu, ale tak\u017ce jako zwyk\u0142ych ludzi, kt\u00f3rzy maj\u0105 swoje rado\u015bci i troski.<\/p>\n\t\t\t\t\t\t\t\t<\/div>\n\t\t\t\t<\/div>\n\t\t\t\t<div class=\"elementor-element elementor-element-590d46a elementor-widget elementor-widget-image\" data-id=\"590d46a\" data-element_type=\"widget\" data-widget_type=\"image.default\">\n\t\t\t\t<div class=\"elementor-widget-container\">\n\t\t\t\t\t\t\t\t\t\t\t\t\t\t\t<img decoding=\"async\" src=\"https:\/\/www.kempstramberk.cz\/wp-content\/uploads\/2023\/04\/lasske-muzeum-zatopek-1-2.jpg\" title=\"\" alt=\"\" loading=\"lazy\" \/>\t\t\t\t\t\t\t\t\t\t\t\t\t\t\t<\/div>\n\t\t\t\t<\/div>\n\t\t\t\t\t<\/div>\n\t\t<\/div>\n\t\t\t\t<div class=\"elementor-column elementor-col-33 elementor-top-column elementor-element elementor-element-fa77035\" data-id=\"fa77035\" data-element_type=\"column\">\n\t\t\t<div class=\"elementor-widget-wrap elementor-element-populated\">\n\t\t\t\t\t\t<div class=\"elementor-element elementor-element-8c41ec8 elementor-widget elementor-widget-heading\" data-id=\"8c41ec8\" data-element_type=\"widget\" data-widget_type=\"heading.default\">\n\t\t\t\t<div class=\"elementor-widget-container\">\n\t\t\t\t\t<h3 class=\"elementor-heading-title elementor-size-default\">Basen letni<\/h3>\t\t\t\t<\/div>\n\t\t\t\t<\/div>\n\t\t\t\t<div class=\"elementor-element elementor-element-ab3a31f elementor-widget elementor-widget-text-editor\" data-id=\"ab3a31f\" data-element_type=\"widget\" data-widget_type=\"text-editor.default\">\n\t\t\t\t<div class=\"elementor-widget-container\">\n\t\t\t\t\t\t\t\t\t<p>Letnie k\u0105pielisko w Kop\u0159ivnicach po\u0142o\u017cone jest w pi\u0119knym krajobrazie, w otoczeniu las\u00f3w i koj\u0105cej zieleni, u st\u00f3p Czerwonego Kamienia. Ze wzgl\u0119du na sw\u00f3j oryginalny wygl\u0105d, basen w Kop\u0159ivnicach nazywany jest dzi\u015b basenem retro i jest nadal popularnym miejscem letnich zabaw wodnych. Obecnie trwaj\u0105 prace nad odtworzeniem obiekt\u00f3w, budynk\u00f3w i urz\u0105dze\u0144 tego obszaru.<\/p>\n\t\t\t\t\t\t\t\t<\/div>\n\t\t\t\t<\/div>\n\t\t\t\t<div class=\"elementor-element elementor-element-745d7ae elementor-widget elementor-widget-image\" data-id=\"745d7ae\" data-element_type=\"widget\" data-widget_type=\"image.default\">\n\t\t\t\t<div class=\"elementor-widget-container\">\n\t\t\t\t\t\t\t\t\t\t\t\t\t\t\t<img loading=\"lazy\" decoding=\"async\" width=\"1024\" height=\"700\" src=\"https:\/\/www.kempstramberk.cz\/wp-content\/uploads\/2023\/04\/koupaliste-koprivnice-1024x700.jpg\" class=\"attachment-large size-large wp-image-5840\" alt=\"\" srcset=\"https:\/\/www.kempstramberk.cz\/wp-content\/uploads\/2023\/04\/koupaliste-koprivnice-1024x700.jpg 1024w, https:\/\/www.kempstramberk.cz\/wp-content\/uploads\/2023\/04\/koupaliste-koprivnice-300x205.jpg 300w, https:\/\/www.kempstramberk.cz\/wp-content\/uploads\/2023\/04\/koupaliste-koprivnice-768x525.jpg 768w, https:\/\/www.kempstramberk.cz\/wp-content\/uploads\/2023\/04\/koupaliste-koprivnice.jpg 1316w\" sizes=\"(max-width: 1024px) 100vw, 1024px\" \/>\t\t\t\t\t\t\t\t\t\t\t\t\t\t\t<\/div>\n\t\t\t\t<\/div>\n\t\t\t\t\t<\/div>\n\t\t<\/div>\n\t\t\t\t\t<\/div>\n\t\t<\/section>\n\t\t\t\t<section class=\"elementor-section elementor-top-section elementor-element elementor-element-85c6640 elementor-section-boxed elementor-section-height-default elementor-section-height-default\" data-id=\"85c6640\" data-element_type=\"section\">\n\t\t\t\t\t\t<div class=\"elementor-container elementor-column-gap-default\">\n\t\t\t\t\t<div class=\"elementor-column elementor-col-100 elementor-top-column elementor-element elementor-element-2a5a55e\" data-id=\"2a5a55e\" data-element_type=\"column\" data-settings=\"{&quot;background_background&quot;:&quot;classic&quot;}\">\n\t\t\t<div class=\"elementor-widget-wrap elementor-element-populated\">\n\t\t\t\t\t\t<div class=\"elementor-element elementor-element-3145013 elementor-widget elementor-widget-heading\" data-id=\"3145013\" data-element_type=\"widget\" id=\"novyjicin\" data-widget_type=\"heading.default\">\n\t\t\t\t<div class=\"elementor-widget-container\">\n\t\t\t\t\t<h2 class=\"elementor-heading-title elementor-size-default\">NOWY JICIN<\/h2>\t\t\t\t<\/div>\n\t\t\t\t<\/div>\n\t\t\t\t\t<\/div>\n\t\t<\/div>\n\t\t\t\t\t<\/div>\n\t\t<\/section>\n\t\t\t\t<section class=\"elementor-section elementor-top-section elementor-element elementor-element-bb1b4ef elementor-section-boxed elementor-section-height-default elementor-section-height-default\" data-id=\"bb1b4ef\" data-element_type=\"section\">\n\t\t\t\t\t\t<div class=\"elementor-container elementor-column-gap-default\">\n\t\t\t\t\t<div class=\"elementor-column elementor-col-50 elementor-top-column elementor-element elementor-element-de298ad\" data-id=\"de298ad\" data-element_type=\"column\" data-settings=\"{&quot;background_background&quot;:&quot;classic&quot;}\">\n\t\t\t<div class=\"elementor-widget-wrap elementor-element-populated\">\n\t\t\t\t\t\t<div class=\"elementor-element elementor-element-7fb4a03 elementor-widget elementor-widget-heading\" data-id=\"7fb4a03\" data-element_type=\"widget\" data-widget_type=\"heading.default\">\n\t\t\t\t<div class=\"elementor-widget-container\">\n\t\t\t\t\t<h3 class=\"elementor-heading-title elementor-size-default\">Zamek \u017derot\u00edn<\/h3>\t\t\t\t<\/div>\n\t\t\t\t<\/div>\n\t\t\t\t<div class=\"elementor-element elementor-element-94a9806 elementor-widget elementor-widget-text-editor\" data-id=\"94a9806\" data-element_type=\"widget\" data-widget_type=\"text-editor.default\">\n\t\t\t\t<div class=\"elementor-widget-container\">\n\t\t\t\t\t\t\t\t\t<p>Zabudowania zamku \u017derot\u00edn w stylu francuskiego renesansu znajduj\u0105 si\u0119 w samym centrum miasta Nov\u00fd Ji\u010d\u00edn. Mo\u017cna podziwia\u0107 trzy skrzyd\u0142a zamku z dwoma dziedzi\u0144cami oraz zachowane pozosta\u0142o\u015bci attyki z par\u0105 naro\u017cnych baszt, kt\u00f3re dominuj\u0105 nad centrum miasta. <\/p>\n\t\t\t\t\t\t\t\t<\/div>\n\t\t\t\t<\/div>\n\t\t\t\t<div class=\"elementor-element elementor-element-fbf8f42 elementor-widget elementor-widget-image\" data-id=\"fbf8f42\" data-element_type=\"widget\" data-widget_type=\"image.default\">\n\t\t\t\t<div class=\"elementor-widget-container\">\n\t\t\t\t\t\t\t\t\t\t\t\t\t\t\t<img loading=\"lazy\" decoding=\"async\" width=\"1200\" height=\"900\" src=\"https:\/\/www.kempstramberk.cz\/wp-content\/uploads\/2023\/04\/zerotinsky-zamek-kempstramberk-2.jpg\" class=\"attachment-large size-large wp-image-6782\" alt=\"\" srcset=\"https:\/\/www.kempstramberk.cz\/wp-content\/uploads\/2023\/04\/zerotinsky-zamek-kempstramberk-2.jpg 1200w, https:\/\/www.kempstramberk.cz\/wp-content\/uploads\/2023\/04\/zerotinsky-zamek-kempstramberk-2-768x576.jpg 768w\" sizes=\"(max-width: 1200px) 100vw, 1200px\" \/>\t\t\t\t\t\t\t\t\t\t\t\t\t\t\t<\/div>\n\t\t\t\t<\/div>\n\t\t\t\t\t<\/div>\n\t\t<\/div>\n\t\t\t\t<div class=\"elementor-column elementor-col-50 elementor-top-column elementor-element elementor-element-be3871a\" data-id=\"be3871a\" data-element_type=\"column\" data-settings=\"{&quot;background_background&quot;:&quot;classic&quot;}\">\n\t\t\t<div class=\"elementor-widget-wrap elementor-element-populated\">\n\t\t\t\t\t\t<div class=\"elementor-element elementor-element-b41ca9e elementor-widget elementor-widget-heading\" data-id=\"b41ca9e\" data-element_type=\"widget\" data-widget_type=\"heading.default\">\n\t\t\t\t<div class=\"elementor-widget-container\">\n\t\t\t\t\t<h3 class=\"elementor-heading-title elementor-size-default\">Park le\u015bny Skalky<\/h3>\t\t\t\t<\/div>\n\t\t\t\t<\/div>\n\t\t\t\t<div class=\"elementor-element elementor-element-834aeb1 elementor-widget elementor-widget-text-editor\" data-id=\"834aeb1\" data-element_type=\"widget\" data-widget_type=\"text-editor.default\">\n\t\t\t\t<div class=\"elementor-widget-container\">\n\t\t\t\t\t\t\t\t\t<p>W miejscowo\u015bci Skalky powsta\u0142 park le\u015bny przeplatany \u015bcie\u017ckami i \u0142awkami, tworz\u0105c tym samym przyjemn\u0105 stref\u0119 rekreacji i wypoczynku. Teren obejmuje r\u00f3wnie\u017c cz\u0119\u015b\u0107 Ogrod\u00f3w H\u00fcckla, a w parku znajduje si\u0119 altana widokowa z zegarem s\u0142onecznym, gaj s\u0142oneczny oraz tarasy z r\u00f3\u017cami i bylinami.<\/p>\n\t\t\t\t\t\t\t\t<\/div>\n\t\t\t\t<\/div>\n\t\t\t\t<div class=\"elementor-element elementor-element-09a9e27 elementor-widget elementor-widget-image\" data-id=\"09a9e27\" data-element_type=\"widget\" data-widget_type=\"image.default\">\n\t\t\t\t<div class=\"elementor-widget-container\">\n\t\t\t\t\t\t\t\t\t\t\t\t\t\t\t<img loading=\"lazy\" decoding=\"async\" width=\"1500\" height=\"1125\" src=\"https:\/\/www.kempstramberk.cz\/wp-content\/uploads\/2023\/04\/lesopark-novy-jicin.jpg\" class=\"attachment-large size-large wp-image-6797\" alt=\"\" srcset=\"https:\/\/www.kempstramberk.cz\/wp-content\/uploads\/2023\/04\/lesopark-novy-jicin.jpg 1500w, https:\/\/www.kempstramberk.cz\/wp-content\/uploads\/2023\/04\/lesopark-novy-jicin-768x576.jpg 768w\" sizes=\"(max-width: 1500px) 100vw, 1500px\" \/>\t\t\t\t\t\t\t\t\t\t\t\t\t\t\t<\/div>\n\t\t\t\t<\/div>\n\t\t\t\t\t<\/div>\n\t\t<\/div>\n\t\t\t\t\t<\/div>\n\t\t<\/section>\n\t\t\t\t<section class=\"elementor-section elementor-top-section elementor-element elementor-element-2880f9b elementor-section-boxed elementor-section-height-default elementor-section-height-default\" data-id=\"2880f9b\" data-element_type=\"section\">\n\t\t\t\t\t\t<div class=\"elementor-container elementor-column-gap-default\">\n\t\t\t\t\t<div class=\"elementor-column elementor-col-100 elementor-top-column elementor-element elementor-element-6226f51\" data-id=\"6226f51\" data-element_type=\"column\" data-settings=\"{&quot;background_background&quot;:&quot;classic&quot;}\">\n\t\t\t<div class=\"elementor-widget-wrap elementor-element-populated\">\n\t\t\t\t\t\t<div class=\"elementor-element elementor-element-395c74e elementor-widget elementor-widget-heading\" data-id=\"395c74e\" data-element_type=\"widget\" id=\"pribor\" data-widget_type=\"heading.default\">\n\t\t\t\t<div class=\"elementor-widget-container\">\n\t\t\t\t\t<h2 class=\"elementor-heading-title elementor-size-default\">P\u0159\u00edbor<\/h2>\t\t\t\t<\/div>\n\t\t\t\t<\/div>\n\t\t\t\t\t<\/div>\n\t\t<\/div>\n\t\t\t\t\t<\/div>\n\t\t<\/section>\n\t\t\t\t<section class=\"elementor-section elementor-top-section elementor-element elementor-element-004ca63 elementor-section-boxed elementor-section-height-default elementor-section-height-default\" data-id=\"004ca63\" data-element_type=\"section\">\n\t\t\t\t\t\t<div class=\"elementor-container elementor-column-gap-default\">\n\t\t\t\t\t<div class=\"elementor-column elementor-col-50 elementor-top-column elementor-element elementor-element-4a4c3ab\" data-id=\"4a4c3ab\" data-element_type=\"column\" data-settings=\"{&quot;background_background&quot;:&quot;classic&quot;}\">\n\t\t\t<div class=\"elementor-widget-wrap elementor-element-populated\">\n\t\t\t\t\t\t<div class=\"elementor-element elementor-element-adb2699 elementor-widget elementor-widget-heading\" data-id=\"adb2699\" data-element_type=\"widget\" data-widget_type=\"heading.default\">\n\t\t\t\t<div class=\"elementor-widget-container\">\n\t\t\t\t\t<h3 class=\"elementor-heading-title elementor-size-default\">Ogrody Pijar\u00f3w<\/h3>\t\t\t\t<\/div>\n\t\t\t\t<\/div>\n\t\t\t\t<div class=\"elementor-element elementor-element-0d59d1d elementor-widget elementor-widget-text-editor\" data-id=\"0d59d1d\" data-element_type=\"widget\" data-widget_type=\"text-editor.default\">\n\t\t\t\t<div class=\"elementor-widget-container\">\n\t\t\t\t\t\t\t\t\t<p>Ogrody klasztoru pijar\u00f3w w P\u0159\u00edborze zosta\u0142y zrewitalizowane i s\u0105 obecnie dost\u0119pne dla zwiedzaj\u0105cych w podanych terminach i porach roku. Przestrze\u0144 ogrod\u00f3w nawi\u0105zuje do historii tego miejsca i filozofii pijar\u00f3w. Spokojne otoczenie ogrod\u00f3w jest idealnym \u015brodowiskiem, w kt\u00f3rym mo\u017cna si\u0119 zrelaksowa\u0107, nauczy\u0107 lub zastanowi\u0107 nad ideami i punktami widzenia, na kt\u00f3re zwracaj\u0105 uwag\u0119 r\u00f3\u017cne elementy umieszczone w przestrzeni.<\/p>\n\t\t\t\t\t\t\t\t<\/div>\n\t\t\t\t<\/div>\n\t\t\t\t<div class=\"elementor-element elementor-element-ee6e709 elementor-widget elementor-widget-image\" data-id=\"ee6e709\" data-element_type=\"widget\" data-widget_type=\"image.default\">\n\t\t\t\t<div class=\"elementor-widget-container\">\n\t\t\t\t\t\t\t\t\t\t\t\t\t\t\t<img decoding=\"async\" src=\"https:\/\/www.kempstramberk.cz\/wp-content\/uploads\/2023\/04\/zahrady_Pribor_foto_Novobilsky_upr2023.jpg\" title=\"\" alt=\"\" loading=\"lazy\" \/>\t\t\t\t\t\t\t\t\t\t\t\t\t\t\t<\/div>\n\t\t\t\t<\/div>\n\t\t\t\t\t<\/div>\n\t\t<\/div>\n\t\t\t\t<div class=\"elementor-column elementor-col-50 elementor-top-column elementor-element elementor-element-c2886ca\" data-id=\"c2886ca\" data-element_type=\"column\" data-settings=\"{&quot;background_background&quot;:&quot;classic&quot;}\">\n\t\t\t<div class=\"elementor-widget-wrap elementor-element-populated\">\n\t\t\t\t\t\t<div class=\"elementor-element elementor-element-4521450 elementor-widget elementor-widget-heading\" data-id=\"4521450\" data-element_type=\"widget\" data-widget_type=\"heading.default\">\n\t\t\t\t<div class=\"elementor-widget-container\">\n\t\t\t\t\t<h3 class=\"elementor-heading-title elementor-size-default\">Miejsce urodzenia Zygmunta Freuda<\/h3>\t\t\t\t<\/div>\n\t\t\t\t<\/div>\n\t\t\t\t<div class=\"elementor-element elementor-element-3803d37 elementor-widget elementor-widget-text-editor\" data-id=\"3803d37\" data-element_type=\"widget\" data-widget_type=\"text-editor.default\">\n\t\t\t\t<div class=\"elementor-widget-container\">\n\t\t\t\t\t\t\t\t\t<p>W historycznym centrum miasta P\u0159\u00edbor masz okazj\u0119 odwiedzi\u0107 miejsce urodzenia Zygmunta Freuda, psychologa, neurologa, tw\u00f3rcy psychoanalizy i nowoczesnej psychiatrii. Nowoczesna ekspozycja muzealna przedstawiaj\u0105ca my\u015blenie psychoanalityczne zosta\u0142a stworzona przez prawnuczk\u0119 Zygmunta Freuda &#8211; Jan\u0119 McAdam Freud. <\/p>\n\t\t\t\t\t\t\t\t<\/div>\n\t\t\t\t<\/div>\n\t\t\t\t<div class=\"elementor-element elementor-element-28c2fea elementor-widget elementor-widget-image\" data-id=\"28c2fea\" data-element_type=\"widget\" data-widget_type=\"image.default\">\n\t\t\t\t<div class=\"elementor-widget-container\">\n\t\t\t\t\t\t\t\t\t\t\t\t\t\t\t<img loading=\"lazy\" decoding=\"async\" width=\"600\" height=\"373\" src=\"https:\/\/www.kempstramberk.cz\/wp-content\/uploads\/2023\/04\/rodny-domek_Pribor_Sigmund_Freud_foto_Novobilsky-1.jpg\" class=\"attachment-large size-large wp-image-7413\" alt=\"\" \/>\t\t\t\t\t\t\t\t\t\t\t\t\t\t\t<\/div>\n\t\t\t\t<\/div>\n\t\t\t\t\t<\/div>\n\t\t<\/div>\n\t\t\t\t\t<\/div>\n\t\t<\/section>\n\t\t\t\t<\/div>\n\t\t","protected":false},"excerpt":{"rendered":"<p>Co zwiedzi\u0107 w okolicy Zapoznaj si\u0119 z naszymi wskaz\u00f3wkami na wycieczki po kempingu \u0160tramberk i nie przegap najpi\u0119kniejszych i najciekawszych rzeczy, kt\u00f3re ma do zaoferowania region pod Beskidami. Strawberk Zamek \u0160tramberk i wie\u017ca Tr\u00faba Nad rynkiem w \u0160tramberku, na Wzg\u00f3rzu Zamkowym, znajduje si\u0119 nie do pomini\u0119cia zabytek &#8211; kamienna wie\u017ca zwana Tr\u00faba, kt\u00f3ra jest pozosta\u0142o\u015bci\u0105 [&hellip;]<\/p>\n","protected":false},"author":2,"featured_media":0,"parent":2451,"menu_order":2,"comment_status":"closed","ping_status":"closed","template":"","meta":{"footnotes":""},"class_list":["post-2504","page","type-page","status-publish","hentry"],"_links":{"self":[{"href":"https:\/\/www.kempstramberk.cz\/pl\/wp-json\/wp\/v2\/pages\/2504","targetHints":{"allow":["GET"]}}],"collection":[{"href":"https:\/\/www.kempstramberk.cz\/pl\/wp-json\/wp\/v2\/pages"}],"about":[{"href":"https:\/\/www.kempstramberk.cz\/pl\/wp-json\/wp\/v2\/types\/page"}],"author":[{"embeddable":true,"href":"https:\/\/www.kempstramberk.cz\/pl\/wp-json\/wp\/v2\/users\/2"}],"replies":[{"embeddable":true,"href":"https:\/\/www.kempstramberk.cz\/pl\/wp-json\/wp\/v2\/comments?post=2504"}],"version-history":[{"count":0,"href":"https:\/\/www.kempstramberk.cz\/pl\/wp-json\/wp\/v2\/pages\/2504\/revisions"}],"up":[{"embeddable":true,"href":"https:\/\/www.kempstramberk.cz\/pl\/wp-json\/wp\/v2\/pages\/2451"}],"wp:attachment":[{"href":"https:\/\/www.kempstramberk.cz\/pl\/wp-json\/wp\/v2\/media?parent=2504"}],"curies":[{"name":"wp","href":"https:\/\/api.w.org\/{rel}","templated":true}]}}