{"id":2496,"date":"2022-10-07T09:06:34","date_gmt":"2022-10-07T07:06:34","guid":{"rendered":"https:\/\/www.kempstramberk.cz.server.plusdesign.cz\/jobs-and-vacancies\/"},"modified":"2022-11-16T11:44:37","modified_gmt":"2022-11-16T10:44:37","slug":"jobs-and-vacancies","status":"publish","type":"page","link":"https:\/\/www.kempstramberk.cz\/en\/jobs-and-vacancies\/","title":{"rendered":"Jobs and vacancies"},"content":{"rendered":"\t\t<div data-elementor-type=\"wp-page\" data-elementor-id=\"2496\" class=\"elementor elementor-2496 elementor-516\" data-elementor-post-type=\"page\">\n\t\t\t\t\t\t<section class=\"elementor-section elementor-top-section elementor-element elementor-element-8129241 elementor-section-boxed elementor-section-height-default elementor-section-height-default\" data-id=\"8129241\" data-element_type=\"section\">\n\t\t\t\t\t\t<div class=\"elementor-container elementor-column-gap-default\">\n\t\t\t\t\t<div class=\"elementor-column elementor-col-100 elementor-top-column elementor-element elementor-element-503f610\" data-id=\"503f610\" data-element_type=\"column\" data-settings=\"{&quot;background_background&quot;:&quot;classic&quot;}\">\n\t\t\t<div class=\"elementor-widget-wrap elementor-element-populated\">\n\t\t\t\t\t\t<div class=\"elementor-element elementor-element-4abe913 elementor-widget elementor-widget-heading\" data-id=\"4abe913\" data-element_type=\"widget\" data-widget_type=\"heading.default\">\n\t\t\t\t<div class=\"elementor-widget-container\">\n\t\t\t\t\t<h1 class=\"elementor-heading-title elementor-size-default\">Jobs and vacancies<\/h1>\t\t\t\t<\/div>\n\t\t\t\t<\/div>\n\t\t\t\t\t<\/div>\n\t\t<\/div>\n\t\t\t\t\t<\/div>\n\t\t<\/section>\n\t\t\t\t<section class=\"elementor-section elementor-top-section elementor-element elementor-element-cdfe3ad elementor-section-boxed elementor-section-height-default elementor-section-height-default\" data-id=\"cdfe3ad\" data-element_type=\"section\">\n\t\t\t\t\t\t<div class=\"elementor-container elementor-column-gap-default\">\n\t\t\t\t\t<div class=\"elementor-column elementor-col-100 elementor-top-column elementor-element elementor-element-678b6c3\" data-id=\"678b6c3\" data-element_type=\"column\" data-settings=\"{&quot;background_background&quot;:&quot;classic&quot;}\">\n\t\t\t<div class=\"elementor-widget-wrap elementor-element-populated\">\n\t\t\t\t\t\t<div class=\"elementor-element elementor-element-fb1c049 elementor-widget elementor-widget-text-editor\" data-id=\"fb1c049\" data-element_type=\"widget\" data-widget_type=\"text-editor.default\">\n\t\t\t\t<div class=\"elementor-widget-container\">\n\t\t\t\t\t\t\t\t\t<p>Spolupracujte s n\u00e1mi. V obdob\u00ed od kv\u011btna do z\u00e1\u0159\u00ed, kdy v kempu \u0160tramberk prob\u00edhaj\u00ed \u0161koln\u00ed v\u00fdlety, adapta\u010dn\u00ed kurzy, \u0161koly v p\u0159\u00edrod\u011b a zejm\u00e9na v \u010dervenci a srpnu, kdy organizujeme d\u011btsk\u00e9 letn\u00ed t\u00e1bory, je u n\u00e1s spousta pr\u00e1ce a r\u00e1di p\u0159iv\u00edt\u00e1me va\u0161i pomoc. Brig\u00e1dy nab\u00edz\u00edme v pr\u016fb\u011bhu cel\u00e9ho roku, kdy k n\u00e1m r\u00e1di zav\u00edtaj\u00ed individu\u00e1ln\u00ed turist\u00e9 nebo organizovan\u00e9 skupiny host\u016f. Prohl\u00e9dn\u011bte si aktu\u00e1ln\u00ed nab\u00eddku brig\u00e1d a pracovn\u00edch p\u0159\u00edle\u017eitost\u00ed a nev\u00e1hejte n\u00e1s kontaktovat. <\/p>\n\t\t\t\t\t\t\t\t<\/div>\n\t\t\t\t<\/div>\n\t\t\t\t\t<\/div>\n\t\t<\/div>\n\t\t\t\t\t<\/div>\n\t\t<\/section>\n\t\t\t\t<section class=\"elementor-section elementor-top-section elementor-element elementor-element-3b2ffec elementor-section-boxed elementor-section-height-default elementor-section-height-default\" data-id=\"3b2ffec\" data-element_type=\"section\">\n\t\t\t\t\t\t<div class=\"elementor-container elementor-column-gap-default\">\n\t\t\t\t\t<div class=\"elementor-column elementor-col-50 elementor-top-column elementor-element elementor-element-fe9fba4\" data-id=\"fe9fba4\" data-element_type=\"column\" data-settings=\"{&quot;background_background&quot;:&quot;classic&quot;}\">\n\t\t\t<div class=\"elementor-widget-wrap elementor-element-populated\">\n\t\t\t\t\t\t<div class=\"elementor-element elementor-element-eb61c8b elementor-widget elementor-widget-heading\" data-id=\"eb61c8b\" data-element_type=\"widget\" data-widget_type=\"heading.default\">\n\t\t\t\t<div class=\"elementor-widget-container\">\n\t\t\t\t\t<h2 class=\"elementor-heading-title elementor-size-default\">Nab\u00eddka brig\u00e1d<\/h2>\t\t\t\t<\/div>\n\t\t\t\t<\/div>\n\t\t\t\t<div class=\"elementor-element elementor-element-0595dc3 elementor-widget elementor-widget-text-editor\" data-id=\"0595dc3\" data-element_type=\"widget\" data-widget_type=\"text-editor.default\">\n\t\t\t\t<div class=\"elementor-widget-container\">\n\t\t\t\t\t\t\t\t\t<p>Aktu\u00e1ln\u00ed nab\u00eddka brig\u00e1d v rekrea\u010dn\u00edm st\u0159edisku U Kate\u0159iny ve \u0160tramberku:<\/p>\n\t\t\t\t\t\t\t\t<\/div>\n\t\t\t\t<\/div>\n\t\t\t\t<div class=\"elementor-element elementor-element-58ecb4d elementor-widget elementor-widget-toggle\" data-id=\"58ecb4d\" data-element_type=\"widget\" data-widget_type=\"toggle.default\">\n\t\t\t\t<div class=\"elementor-widget-container\">\n\t\t\t\t\t\t\t<div class=\"elementor-toggle\">\n\t\t\t\t\t\t\t<div class=\"elementor-toggle-item\">\n\t\t\t\t\t<div id=\"elementor-tab-title-9321\" class=\"elementor-tab-title\" data-tab=\"1\" role=\"button\" aria-controls=\"elementor-tab-content-9321\" aria-expanded=\"false\">\n\t\t\t\t\t\t\t\t\t\t\t\t<span class=\"elementor-toggle-icon elementor-toggle-icon-left\" aria-hidden=\"true\">\n\t\t\t\t\t\t\t\t\t\t\t\t\t\t\t<span class=\"elementor-toggle-icon-closed\"><i class=\"fas fa-caret-right\"><\/i><\/span>\n\t\t\t\t\t\t\t\t<span class=\"elementor-toggle-icon-opened\"><i class=\"elementor-toggle-icon-opened fas fa-caret-up\"><\/i><\/span>\n\t\t\t\t\t\t\t\t\t\t\t\t\t<\/span>\n\t\t\t\t\t\t\t\t\t\t\t\t<a class=\"elementor-toggle-title\" tabindex=\"0\">Provozn\u00ed\/recep\u010dn\u00ed 11.-22.7.2022<\/a>\n\t\t\t\t\t<\/div>\n\n\t\t\t\t\t<div id=\"elementor-tab-content-9321\" class=\"elementor-tab-content elementor-clearfix\" data-tab=\"1\" role=\"region\" aria-labelledby=\"elementor-tab-title-9321\"><p>Brig\u00e1da na obdob\u00ed 2. turnusu d\u011btsk\u00fdch letn\u00edch t\u00e1bor\u016f: 11.7.-22.7.2022<\/p>\n<p>Po\u017eadujeme:<br \/>V\u011bk min. 18 let, praxe v oboru v\u00edt\u00e1na, samostatnost, zodpov\u011bdnost.<\/p>\n<\/div>\n\t\t\t\t<\/div>\n\t\t\t\t\t\t\t<div class=\"elementor-toggle-item\">\n\t\t\t\t\t<div id=\"elementor-tab-title-9322\" class=\"elementor-tab-title\" data-tab=\"2\" role=\"button\" aria-controls=\"elementor-tab-content-9322\" aria-expanded=\"false\">\n\t\t\t\t\t\t\t\t\t\t\t\t<span class=\"elementor-toggle-icon elementor-toggle-icon-left\" aria-hidden=\"true\">\n\t\t\t\t\t\t\t\t\t\t\t\t\t\t\t<span class=\"elementor-toggle-icon-closed\"><i class=\"fas fa-caret-right\"><\/i><\/span>\n\t\t\t\t\t\t\t\t<span class=\"elementor-toggle-icon-opened\"><i class=\"elementor-toggle-icon-opened fas fa-caret-up\"><\/i><\/span>\n\t\t\t\t\t\t\t\t\t\t\t\t\t<\/span>\n\t\t\t\t\t\t\t\t\t\t\t\t<a class=\"elementor-toggle-title\" tabindex=\"0\">Provozn\u00ed\/recep\u010dn\u00ed 1.-11.8.2022<\/a>\n\t\t\t\t\t<\/div>\n\n\t\t\t\t\t<div id=\"elementor-tab-content-9322\" class=\"elementor-tab-content elementor-clearfix\" data-tab=\"2\" role=\"region\" aria-labelledby=\"elementor-tab-title-9322\"><p>Brig\u00e1da na obdob\u00ed 4. turnusu d\u011btsk\u00fdch letn\u00edch t\u00e1bor\u016f: 1.8.-11.8.2022<\/p>\n<p>Po\u017eadujeme:<br \/>\nV\u011bk min. 18 let, praxe v oboru v\u00edt\u00e1na, samostatnost, zodpov\u011bdnost.<\/p>\n<\/div>\n\t\t\t\t<\/div>\n\t\t\t\t\t\t\t<div class=\"elementor-toggle-item\">\n\t\t\t\t\t<div id=\"elementor-tab-title-9323\" class=\"elementor-tab-title\" data-tab=\"3\" role=\"button\" aria-controls=\"elementor-tab-content-9323\" aria-expanded=\"false\">\n\t\t\t\t\t\t\t\t\t\t\t\t<span class=\"elementor-toggle-icon elementor-toggle-icon-left\" aria-hidden=\"true\">\n\t\t\t\t\t\t\t\t\t\t\t\t\t\t\t<span class=\"elementor-toggle-icon-closed\"><i class=\"fas fa-caret-right\"><\/i><\/span>\n\t\t\t\t\t\t\t\t<span class=\"elementor-toggle-icon-opened\"><i class=\"elementor-toggle-icon-opened fas fa-caret-up\"><\/i><\/span>\n\t\t\t\t\t\t\t\t\t\t\t\t\t<\/span>\n\t\t\t\t\t\t\t\t\t\t\t\t<a class=\"elementor-toggle-title\" tabindex=\"0\">\u00dadr\u017eb\u00e1\u0159 23.-31.7.2022<\/a>\n\t\t\t\t\t<\/div>\n\n\t\t\t\t\t<div id=\"elementor-tab-content-9323\" class=\"elementor-tab-content elementor-clearfix\" data-tab=\"3\" role=\"region\" aria-labelledby=\"elementor-tab-title-9323\"><p>Brig\u00e1da na obdob\u00ed 3. turnusu d\u011btsk\u00fdch letn\u00edch t\u00e1bor\u016f: 23.7.-31.7.2022<\/p>\n<p>Po\u017eadujeme:<br \/>V\u011bk min. 18 let, \u0159idi\u010dsk\u00fd pr\u016fkaz sk. B, praxe v oboru v\u00edt\u00e1na<\/p>\n<\/div>\n\t\t\t\t<\/div>\n\t\t\t\t\t\t\t<div class=\"elementor-toggle-item\">\n\t\t\t\t\t<div id=\"elementor-tab-title-9324\" class=\"elementor-tab-title\" data-tab=\"4\" role=\"button\" aria-controls=\"elementor-tab-content-9324\" aria-expanded=\"false\">\n\t\t\t\t\t\t\t\t\t\t\t\t<span class=\"elementor-toggle-icon elementor-toggle-icon-left\" aria-hidden=\"true\">\n\t\t\t\t\t\t\t\t\t\t\t\t\t\t\t<span class=\"elementor-toggle-icon-closed\"><i class=\"fas fa-caret-right\"><\/i><\/span>\n\t\t\t\t\t\t\t\t<span class=\"elementor-toggle-icon-opened\"><i class=\"elementor-toggle-icon-opened fas fa-caret-up\"><\/i><\/span>\n\t\t\t\t\t\t\t\t\t\t\t\t\t<\/span>\n\t\t\t\t\t\t\t\t\t\t\t\t<a class=\"elementor-toggle-title\" tabindex=\"0\">Vedouc\u00ed\/praktikant na letn\u00edm t\u00e1boru<\/a>\n\t\t\t\t\t<\/div>\n\n\t\t\t\t\t<div id=\"elementor-tab-content-9324\" class=\"elementor-tab-content elementor-clearfix\" data-tab=\"4\" role=\"region\" aria-labelledby=\"elementor-tab-title-9324\"><p>Z\u00e1jemci o pozice vedouc\u00edch a praktikant\u016f, kontaktujte pros\u00edm pro bli\u017e\u0161\u00ed informace a domluvu p\u0159\u00edmo hlavn\u00edho vedouc\u00edho konkr\u00e9tn\u00edho turnusu.<\/p>\n<\/div>\n\t\t\t\t<\/div>\n\t\t\t\t\t\t\t\t<\/div>\n\t\t\t\t\t\t<\/div>\n\t\t\t\t<\/div>\n\t\t\t\t\t<\/div>\n\t\t<\/div>\n\t\t\t\t<div class=\"elementor-column elementor-col-50 elementor-top-column elementor-element elementor-element-1a46393\" data-id=\"1a46393\" data-element_type=\"column\" data-settings=\"{&quot;background_background&quot;:&quot;classic&quot;}\">\n\t\t\t<div class=\"elementor-widget-wrap elementor-element-populated\">\n\t\t\t\t\t\t<div class=\"elementor-element elementor-element-71996eb elementor-widget elementor-widget-heading\" data-id=\"71996eb\" data-element_type=\"widget\" data-widget_type=\"heading.default\">\n\t\t\t\t<div class=\"elementor-widget-container\">\n\t\t\t\t\t<h2 class=\"elementor-heading-title elementor-size-default\">Kontakt pro brig\u00e1dn\u00edky<\/h2>\t\t\t\t<\/div>\n\t\t\t\t<\/div>\n\t\t\t\t<div class=\"elementor-element elementor-element-884d762 elementor-widget elementor-widget-text-editor\" data-id=\"884d762\" data-element_type=\"widget\" data-widget_type=\"text-editor.default\">\n\t\t\t\t<div class=\"elementor-widget-container\">\n\t\t\t\t\t\t\t\t\t<p>Bli\u017e\u0161\u00ed informace o n\u00e1stupu, platov\u00fdch podm\u00ednk\u00e1ch a dal\u0161\u00edch detailech v\u00e1m ochotn\u011b poskytne:<\/p>\n<p>Ing. Novobilsk\u00e1 Martina<br \/>tel: 603 296 364<br \/>ukateriny@novos.cz<\/p>\n\t\t\t\t\t\t\t\t<\/div>\n\t\t\t\t<\/div>\n\t\t\t\t<div class=\"elementor-element elementor-element-4c5c10c elementor-widget elementor-widget-text-editor\" data-id=\"4c5c10c\" data-element_type=\"widget\" data-widget_type=\"text-editor.default\">\n\t\t\t\t<div class=\"elementor-widget-container\">\n\t\t\t\t\t\t\t\t\t<p>Kontakty na hlavn\u00ed vedouc\u00ed jednotliv\u00fdch turnus\u016f:<\/p>\n<ul>\n<li>Dominik Mr\u00e1\u010dek: mracekdominik13@gmail.com<\/li>\n<li>Daniel \u0160arman: sarman@seznam.cz<\/li>\n<li>Martin Urban\u00edk: m.urbanik@gmail.com<\/li>\n<li>Marian Borsiczk\u00fd: marian.borsiczky@andra.cz<\/li>\n<li>Daniel Tedesko: Tedesko@centrum.cz<\/li>\n<\/ul>\n\t\t\t\t\t\t\t\t<\/div>\n\t\t\t\t<\/div>\n\t\t\t\t\t<\/div>\n\t\t<\/div>\n\t\t\t\t\t<\/div>\n\t\t<\/section>\n\t\t\t\t<\/div>\n\t\t","protected":false},"excerpt":{"rendered":"<p>Jobs and vacancies Spolupracujte s n\u00e1mi. V obdob\u00ed od kv\u011btna do z\u00e1\u0159\u00ed, kdy v kempu \u0160tramberk prob\u00edhaj\u00ed \u0161koln\u00ed v\u00fdlety, adapta\u010dn\u00ed kurzy, \u0161koly v p\u0159\u00edrod\u011b a zejm\u00e9na v \u010dervenci a srpnu, kdy organizujeme d\u011btsk\u00e9 letn\u00ed t\u00e1bory, je u n\u00e1s spousta pr\u00e1ce a r\u00e1di p\u0159iv\u00edt\u00e1me va\u0161i pomoc. Brig\u00e1dy nab\u00edz\u00edme v pr\u016fb\u011bhu cel\u00e9ho roku, kdy k n\u00e1m r\u00e1di [&hellip;]<\/p>\n","protected":false},"author":2,"featured_media":0,"parent":0,"menu_order":0,"comment_status":"closed","ping_status":"closed","template":"","meta":{"footnotes":""},"class_list":["post-2496","page","type-page","status-publish","hentry"],"_links":{"self":[{"href":"https:\/\/www.kempstramberk.cz\/en\/wp-json\/wp\/v2\/pages\/2496","targetHints":{"allow":["GET"]}}],"collection":[{"href":"https:\/\/www.kempstramberk.cz\/en\/wp-json\/wp\/v2\/pages"}],"about":[{"href":"https:\/\/www.kempstramberk.cz\/en\/wp-json\/wp\/v2\/types\/page"}],"author":[{"embeddable":true,"href":"https:\/\/www.kempstramberk.cz\/en\/wp-json\/wp\/v2\/users\/2"}],"replies":[{"embeddable":true,"href":"https:\/\/www.kempstramberk.cz\/en\/wp-json\/wp\/v2\/comments?post=2496"}],"version-history":[{"count":0,"href":"https:\/\/www.kempstramberk.cz\/en\/wp-json\/wp\/v2\/pages\/2496\/revisions"}],"wp:attachment":[{"href":"https:\/\/www.kempstramberk.cz\/en\/wp-json\/wp\/v2\/media?parent=2496"}],"curies":[{"name":"wp","href":"https:\/\/api.w.org\/{rel}","templated":true}]}}